{"id":2336,"date":"2019-10-07T12:12:35","date_gmt":"2019-10-07T12:12:35","guid":{"rendered":"https:\/\/proudlyportugal.pt\/surf-the-waves-of-peniche\/"},"modified":"2023-03-14T15:27:26","modified_gmt":"2023-03-14T15:27:26","slug":"em-busca-de-ondas-em-peniche","status":"publish","type":"page","link":"https:\/\/proudlyportugal.pt\/pt-pt\/portugal-travel-to-feel\/em-busca-de-ondas-em-peniche\/","title":{"rendered":"Em busca de ondas em Peniche"},"content":{"rendered":"\n<p>Guillermo sempre amou o oceano. Este rom\u00e2ntico do surf sonha desde crian\u00e7a com terras distantes, imaginando mundos distintos sem r\u00f3tulos. Portugal n\u00e3o \u00e9 um lugar novo para Guillermo. Atrav\u00e9s de um programa de interc\u00e2mbio, viveu durante um ano em Lisboa, o resto \u00e9 hist\u00f3ria. Nesse curto per\u00edodo, Guillermo apaixonou-se por Portugal.<\/p>\n\n\n\n<p>As fugas pitorescas e o p\u00f4r do sol inesquec\u00edvel conquistaram-lhe o cora\u00e7\u00e3o que o obriga a regressar todos os anos para visitar os amigos que j\u00e1 v\u00ea como familiares. Desta vez, veio acompanhado por pessoas especiais. O namorado e os dois melhores amigos reuniram-se para uma viagem a Peniche, o lugar favorito de Guillermo em Portugal.<\/p>\n\n\n\n<div class=\"wp-block-kobu-custom-blocks-responsive-spacer responsive-spacer size-medium\"><\/div>\n\n\n\n<div class=\"wp-block-kobu-custom-blocks-section-wrapper alignfull kobu-section is-layout-constrained wp-block-section-wrapper-is-layout-constrained\">\n<div class=\"wp-block-kobu-custom-blocks-responsive-spacer responsive-spacer size-medium\"><\/div>\n\n\n\n<figure class=\"wp-block-image size-large\"><img loading=\"lazy\" decoding=\"async\" width=\"1024\" height=\"683\" src=\"https:\/\/proudlyportugal.pt\/files\/uploads\/2019\/11\/3O2A3593_web-1024x683.jpg\" alt=\"\" class=\"wp-image-1588\" srcset=\"https:\/\/proudlyportugal.pt\/files\/uploads\/2019\/11\/3O2A3593_web-1024x683.jpg 1024w, https:\/\/proudlyportugal.pt\/files\/uploads\/2019\/11\/3O2A3593_web-300x200.jpg 300w, https:\/\/proudlyportugal.pt\/files\/uploads\/2019\/11\/3O2A3593_web-768x512.jpg 768w, https:\/\/proudlyportugal.pt\/files\/uploads\/2019\/11\/3O2A3593_web.jpg 1200w\" sizes=\"auto, (max-width: 1024px) 100vw, 1024px\" \/><figcaption class=\"wp-element-caption\">Perde-te no para\u00edso! Com um porto c\u00e9nico, Peniche \u00e9 um munic\u00edpio \u00e0 beira-mar que apresenta uma paisagem de sonho, com brancos moinhos de vento, capelas, praias e um mar excepcional.<\/figcaption><\/figure>\n\n\n\n<div class=\"wp-block-kobu-custom-blocks-responsive-spacer responsive-spacer size-medium\"><\/div>\n\n\n\n<h2 class=\"wp-block-heading\"><strong>Conquista a costa Centro-Oeste<\/strong><\/h2>\n\n\n\n<p>Localizado na costa centro-oeste do pa\u00eds, Peniche \u00e9 um munic\u00edpio costeiro constru\u00eddo numa pen\u00ednsula rochosa. Esta \u00e1rea \u00e9 conhecida pelas suas longas praias, famosa por atividades recreativas, como surf, windsurf, bodyboard e kitesurf.<\/p>\n\n\n\n<p class=\"has-text-align-left\">Sendo um importante porto de pesca, foi desenvolvido para ser um popular destino tur\u00edstico devido \u00e0 beleza dos seus cen\u00e1rios. Peniche faz parte de um litoral particular de surf que se prolonga da Ericeira at\u00e9 \u00e0 Nazar\u00e9.<\/p>\n\n\n\n<div class=\"wp-block-kobu-custom-blocks-responsive-spacer responsive-spacer size-medium\"><\/div>\n\n\n\n<div class=\"wp-block-kobu-custom-blocks-margin-aligned-image alignfull  align-left valign-center img-first\"><div class=\"media-col\"><figure><img decoding=\"async\" src=\"https:\/\/proudlyportugal.pt\/files\/uploads\/2019\/11\/3O2A3780_web.jpg\" alt=\"\" title=\"3O2A3780_web\"\/><\/figure><\/div><div class=\"content-col\"><div class=\"content-col-wrapper\">\n<h2 class=\"wp-block-heading\"><strong>Imperd\u00edvel para qualquer pessoa interessada na hist\u00f3ria portuguesa<\/strong><\/h2>\n\n\n\n<p>Esta \u00e9 uma zona de beleza natural quase intocada, que inclui pequenas aldeias pitorescas e um vasto no patrim\u00f3nio cultural.<\/p>\n\n\n\n<p>Das impressionantes fal\u00e9sias costeiras aos fortes imponentes, da rica gastronomia ao artesanato, Peniche \u00e9 imperd\u00edvel para os amantes das artes manuais, em particular da Renda de Bilros, uma arte secular cujas origens se perdem no tempo.<\/p>\n\n\n\n<p>Antes de ires para a praia, \u00e9 obrigat\u00f3rio dares uma caminhada por Peniche, principalmente pelo centro hist\u00f3rico.<\/p>\n\n\n\n<p>Conhece o Santu\u00e1rio de Nossa Senhora dos Rem\u00e9dios, as Igrejas de S\u00e3o Pedro e Miseric\u00f3rdia e o Forte de Peniche, constru\u00eddo nos s\u00e9culos XVI\/XVII para defender a costa e posteriormente utilizado como pris\u00e3o pol\u00edtica no per\u00edodo do Estado Novo.<\/p>\n<\/div><\/div><\/div>\n\n\n\n<div class=\"wp-block-kobu-custom-blocks-responsive-spacer responsive-spacer size-large\"><\/div>\n\n\n\n<p class=\"has-text-align-center is-style-serif has-larger-font-size\">Cumprimenta as ondas que te elevam o cora\u00e7\u00e3o&#8230; e te aquecem a alma.<\/p>\n\n\n\n<div class=\"wp-block-kobu-custom-blocks-responsive-spacer responsive-spacer size-large\"><\/div>\n\n\n\n<div class=\"wp-block-kobu-custom-blocks-columns-group alignwide valign-masonry img-keep\">\n<div class=\"wp-block-kobu-custom-blocks-columns-group-item child-item align-right valign-masonry img-last\"><div class=\"content-col\"><div class=\"content-col-wrapper\">\n<h2 class=\"wp-block-heading\"><strong>Encontra a tua Tribo em Peniche<\/strong><\/h2>\n\n\n\n<p>A \u00e1rea de Peniche \u00e9 muito popular entre os surfistas. As incr\u00edveis ondas que Peniche oferece s\u00e3o trazidas \u00e0 costa pelo magn\u00e2nimo Oceano Atl\u00e2ntico. A apenas alguns quil\u00f3metros a norte, situa-se o Canh\u00e3o da Nazar\u00e9, o maior desfiladeiro submarino da Europa.&nbsp;<\/p>\n\n\n\n<p>Quando o swell est\u00e1 certo, esta forma\u00e7\u00e3o geol\u00f3gica forma ondas enormes para a costa e proporciona um espect\u00e1culo que atrai centenas de pessoas a contemplar o poder da natureza e a coragem de alguns atletas que ousam entrar na \u00e1gua. O turismo aqui \u00e9 diferente de outros em Portugal.<\/p>\n<\/div><\/div><div class=\"media-col\"><img decoding=\"async\" src=\"https:\/\/proudlyportugal.pt\/files\/uploads\/2019\/11\/3O2A3653_web.jpg\" alt=\"\" title=\"3O2A3653_web\"\/><\/div><\/div>\n\n\n\n<div class=\"wp-block-kobu-custom-blocks-columns-group-item child-item align-left valign-masonry img-first\"><div class=\"media-col\"><img decoding=\"async\" src=\"https:\/\/proudlyportugal.pt\/files\/uploads\/2019\/11\/3O2A3730_web.jpg\" alt=\"\" title=\"3O2A3730_web\"\/><\/div><div class=\"content-col\"><div class=\"content-col-wrapper\">\n<h2 class=\"wp-block-heading\"><strong>A Viagem dos Sentidos<\/strong><\/h2>\n\n\n\n<p>Quer sejas amador ou profissional de surf, n\u00e3o importa. H\u00e1 muitas mais coisas \u00e0 espera de serem descobertas por ti em algum lugar ao longo da costa portuguesa.<\/p>\n\n\n\n<p>Conhece os locais, todas as vilas e cidades das nossas margens e conecta-te. \u00c0 natureza, ao oceano. Conecta-te contigo mesmo.<\/p>\n\n\n\n<p>Aproveita a experi\u00eancia, n\u00e3o importa quem \u00e9s ou de onde vens. Aqui est\u00e1s seguro. Aqui \u00e9s bem-vindo.<\/p>\n<\/div><\/div><\/div>\n<\/div>\n\n\n\n<div class=\"wp-block-kobu-custom-blocks-responsive-spacer responsive-spacer size-medium\"><\/div>\n\n\n\n<h2 class=\"wp-block-heading\"><strong>Aprecia as tradi\u00e7\u00f5es e o esp\u00edrito aberto.<\/strong><\/h2>\n\n\n\n<p>Mergulha. Surfa uma onda. Sente o sol aquecer a pele. Conversa com estranhos. Faz novos amigos. Escuta os sons da natureza. Prova novos sabores. Desfruta de sorrisos sinceros. Viaja para Portugal e entrega os sentidos \u00e0 experi\u00eancia. Paisagens naturais deslumbrantes, p\u00f4r-do-sol calmo e tranquilo, paisagens de cortar a respira\u00e7\u00e3o.<\/p>\n\n\n\n<p>A paisagem crua de Peniche torna-o no local perfeito para passar alguns dias de descanso, conectado com a natureza e distante da az\u00e1fama das cidades.<\/p>\n\n\n\n<p>Com quase metade das suas fronteiras banhadas pelo Oceano Atl\u00e2ntico, Portugal desfruta de uma vasta e bela costa. Desde a era dos Descobrimentos, os mares aproximaram Portugal de diferentes povos e culturas, e a liga\u00e7\u00e3o ao mar tornou-se profundamente enraizada na identidade lusitana.<\/p>\n\n\n\n<p>Cumprimenta as ondas que te elevam o cora\u00e7\u00e3o\u2026 e te aquecem a alma.<\/p>\n\n\n\n<div class=\"wp-block-kobu-custom-blocks-responsive-spacer responsive-spacer size-medium\"><\/div>\n\n\n\n<h2 class=\"wp-block-heading\">10 atividades com a vibe de Peniche para riscares da lista, enquanto viajas em Portugal<\/h2>\n\n\n\n<p>Na lista que se segue encontras v\u00e1rias sugest\u00f5es com base no esp\u00edrito rebelde de Peniche e no ambiente mar\u00edtimo que encontras em territ\u00f3rio portugu\u00eas <\/p>\n\n\n\n<ul class=\"wp-block-list\">\n<li><a rel=\"noreferrer noopener\" aria-label=\"Boat Trip (opens in a new tab)\" href=\"https:\/\/www.berlengas.eu\/\" target=\"_blank\">Viagem de Barco<\/a> nas Berlengas, Peniche<\/li>\n\n\n\n<li><a rel=\"noreferrer noopener\" aria-label=\"Surfing (opens in a new tab)\" href=\"http:\/\/www.penichesurfguide.com\/\" target=\"_blank\">Surf<\/a>, Peniche<\/li>\n\n\n\n<li><a href=\"https:\/\/www.komoot.com\/guide\/499905\/hiking-around-peneda-geres-national-park\" target=\"_blank\" rel=\"noopener\" title=\"\">Caminhadas<\/a>, Peneda Ger\u00eas National Park<\/li>\n\n\n\n<li><a rel=\"noreferrer noopener\" aria-label=\"Paiva Walkways (opens in a new tab)\" href=\"http:\/\/www.passadicosdopaiva.pt\/en\" target=\"_blank\">Passadi\u00e7os do Paiva<\/a>, Arouca<\/li>\n\n\n\n<li><a href=\"https:\/\/www.besttime2travel.com\/nazare?mtm_campaign=rd\" target=\"_blank\" rel=\"noopener\" title=\"\">Observa\u00e7\u00e3o de Ondas Gigantes,<\/a> na Nazar\u00e9 <\/li>\n\n\n\n<li><a rel=\"noreferrer noopener\" aria-label=\"Yoga Practice, (opens in a new tab)\" href=\"https:\/\/aljezur.life\/yoga\/\" target=\"_blank\">Pr\u00e1tica de Yoga,<\/a> Aljezur<\/li>\n\n\n\n<li><a href=\"https:\/\/livingincascais.com\/viver-em-cascais\/cascais-em-forma\/surf-kit-surf-wind-surf\/\" target=\"_blank\" rel=\"noopener\" title=\"\">Windsurf<\/a>, Cascais <\/li>\n\n\n\n<li><a href=\"https:\/\/www.futurismo.pt\/pt-pt\/tours\/observacao-de-baleias-e-golfinhos-lajes-do-pico-ilha-do-pico\/\" target=\"_blank\" rel=\"noopener\" title=\"\">Observa\u00e7\u00e3o de Baleias<\/a>, Azores<\/li>\n\n\n\n<li><a rel=\"noreferrer noopener\" aria-label=\"Exploring Benagil Caves (opens in a new tab)\" href=\"https:\/\/www.walkalgarve.com\/attractions-and-things-to-do-in-algarve\/benagil-sea-cave\" target=\"_blank\">Explorar as grutas de Benagil<\/a>, Benagil<\/li>\n\n\n\n<li><a rel=\"noreferrer noopener\" aria-label=\"Scuba diving (opens in a new tab)\" href=\"http:\/\/www.exploramadeira.com\/\" target=\"_blank\">Scuba diving<\/a>, Madeira<\/li>\n<\/ul>\n\n\n\n<div class=\"wp-block-kobu-custom-blocks-responsive-spacer responsive-spacer size-medium\"><\/div>\n\n\n\n<div class=\"wp-block-kobu-custom-blocks-slider-gallery alignwide\"><div class=\"slider-gallery gallery-container hidden  \"><div class=\"gallery \" role=\"list\"><div class=\"slide\" role=\"listitem\"><div class=\"figure-wrapper\" style=\"background-image:url(https:\/\/proudlyportugal.pt\/files\/uploads\/2019\/11\/hiking-sa\u0303o-miguel-16.25.50.jpg)\"><figure><img decoding=\"async\" src=\"https:\/\/proudlyportugal.pt\/files\/uploads\/2019\/11\/hiking-sa\u0303o-miguel-16.25.50.jpg\" alt=\"\"\/><figcaption><span>Trilhos da Madeira, Madeira<\/span><\/figcaption><\/figure><\/div><\/div><div class=\"slide\" role=\"listitem\"><div class=\"figure-wrapper\" style=\"background-image:url(https:\/\/proudlyportugal.pt\/files\/uploads\/2019\/11\/daniel-lepik-T9hOvzDkCwk-unsplash.jpg)\"><figure><img decoding=\"async\" src=\"https:\/\/proudlyportugal.pt\/files\/uploads\/2019\/11\/daniel-lepik-T9hOvzDkCwk-unsplash.jpg\" alt=\"\"\/><figcaption><span>Praia da Ericeira, Ericeira<\/span><\/figcaption><\/figure><\/div><\/div><div class=\"slide\" role=\"listitem\"><div class=\"figure-wrapper\" style=\"background-image:url(https:\/\/proudlyportugal.pt\/files\/uploads\/2019\/11\/lucas-miguel-azSPNUf2i38-unsplash.jpg)\"><figure><img decoding=\"async\" src=\"https:\/\/proudlyportugal.pt\/files\/uploads\/2019\/11\/lucas-miguel-azSPNUf2i38-unsplash.jpg\" alt=\"\"\/><figcaption><span>Forma\u00e7\u00e3o Rochosa, Peniche<\/span><\/figcaption><\/figure><\/div><\/div><div class=\"slide\" role=\"listitem\"><div class=\"figure-wrapper\" style=\"background-image:url(https:\/\/proudlyportugal.pt\/files\/uploads\/2019\/11\/Whale-Watching-16.25.50.jpg)\"><figure><img decoding=\"async\" src=\"https:\/\/proudlyportugal.pt\/files\/uploads\/2019\/11\/Whale-Watching-16.25.50.jpg\" alt=\"\"\/><figcaption><span>Observa\u00e7\u00e3o de Baleias, Azores <\/span><\/figcaption><\/figure><\/div><\/div><div class=\"slide\" role=\"listitem\"><div class=\"figure-wrapper\" style=\"background-image:url(https:\/\/proudlyportugal.pt\/files\/uploads\/2019\/11\/hiking-serra-da-estrela-16.25.50.jpg)\"><figure><img decoding=\"async\" src=\"https:\/\/proudlyportugal.pt\/files\/uploads\/2019\/11\/hiking-serra-da-estrela-16.25.50.jpg\" alt=\"\"\/><figcaption><span>Escalada na Serra da Estrela, Guarda<\/span><\/figcaption><\/figure><\/div><\/div><div class=\"slide\" role=\"listitem\"><div class=\"figure-wrapper\" style=\"background-image:url(https:\/\/proudlyportugal.pt\/files\/uploads\/2019\/11\/robert-bye-7bt4ngmSu9Y-unsplash.jpg)\"><figure><img decoding=\"async\" src=\"https:\/\/proudlyportugal.pt\/files\/uploads\/2019\/11\/robert-bye-7bt4ngmSu9Y-unsplash.jpg\" alt=\"\"\/><figcaption><span>Observa\u00e7\u00e3o do Farol, Nazar\u00e9<\/span><\/figcaption><\/figure><\/div><\/div><div class=\"slide\" role=\"listitem\"><div class=\"figure-wrapper\" style=\"background-image:url(https:\/\/proudlyportugal.pt\/files\/uploads\/2019\/11\/Surfing-Jardim-do-Mar-Madeira-16.25.50.jpg)\"><figure><img decoding=\"async\" src=\"https:\/\/proudlyportugal.pt\/files\/uploads\/2019\/11\/Surfing-Jardim-do-Mar-Madeira-16.25.50.jpg\" alt=\"\"\/><figcaption><span>Pr\u00e1tica de Surf, Madeira<\/span><\/figcaption><\/figure><\/div><\/div><div class=\"slide\" role=\"listitem\"><div class=\"figure-wrapper\" style=\"background-image:url(https:\/\/proudlyportugal.pt\/files\/uploads\/2019\/11\/sergey-dapkus-TMVMflxhKqU-unsplash.jpg)\"><figure><img decoding=\"async\" src=\"https:\/\/proudlyportugal.pt\/files\/uploads\/2019\/11\/sergey-dapkus-TMVMflxhKqU-unsplash.jpg\" alt=\"\"\/><figcaption><span>Reserva Natural das Berlengas, Peniche<\/span><\/figcaption><\/figure><\/div><\/div><\/div><\/div><\/div>\n\n\n\n<div class=\"wp-block-kobu-custom-blocks-responsive-spacer responsive-spacer size-xlarge\"><\/div>\n<\/div>\n","protected":false},"excerpt":{"rendered":"<p>Perde-te no para\u00edso! Com um porto c\u00e9nico e ondas gigantes, Peniche \u00e9 um munic\u00edpio \u00e0 beira-mar, com uma paisagem de sonho. Conhece a hist\u00f3ria do Guillermo!<\/p>\n","protected":false},"author":1,"featured_media":1624,"parent":2344,"menu_order":0,"comment_status":"closed","ping_status":"closed","template":"templates\/experience.php","meta":{"_acf_changed":false,"footnotes":""},"class_list":["post-2336","page","type-page","status-publish","has-post-thumbnail","hentry","page-entry"],"acf":[],"aioseo_notices":[],"_links":{"self":[{"href":"https:\/\/proudlyportugal.pt\/pt-pt\/wp-json\/wp\/v2\/pages\/2336","targetHints":{"allow":["GET"]}}],"collection":[{"href":"https:\/\/proudlyportugal.pt\/pt-pt\/wp-json\/wp\/v2\/pages"}],"about":[{"href":"https:\/\/proudlyportugal.pt\/pt-pt\/wp-json\/wp\/v2\/types\/page"}],"author":[{"embeddable":true,"href":"https:\/\/proudlyportugal.pt\/pt-pt\/wp-json\/wp\/v2\/users\/1"}],"replies":[{"embeddable":true,"href":"https:\/\/proudlyportugal.pt\/pt-pt\/wp-json\/wp\/v2\/comments?post=2336"}],"version-history":[{"count":5,"href":"https:\/\/proudlyportugal.pt\/pt-pt\/wp-json\/wp\/v2\/pages\/2336\/revisions"}],"predecessor-version":[{"id":4710,"href":"https:\/\/proudlyportugal.pt\/pt-pt\/wp-json\/wp\/v2\/pages\/2336\/revisions\/4710"}],"up":[{"embeddable":true,"href":"https:\/\/proudlyportugal.pt\/pt-pt\/wp-json\/wp\/v2\/pages\/2344"}],"wp:featuredmedia":[{"embeddable":true,"href":"https:\/\/proudlyportugal.pt\/pt-pt\/wp-json\/wp\/v2\/media\/1624"}],"wp:attachment":[{"href":"https:\/\/proudlyportugal.pt\/pt-pt\/wp-json\/wp\/v2\/media?parent=2336"}],"curies":[{"name":"wp","href":"https:\/\/api.w.org\/{rel}","templated":true}]}}